{"id":12627,"date":"2024-08-01T21:54:01","date_gmt":"2024-08-02T00:54:01","guid":{"rendered":"https:\/\/marquesestofados.com.br\/loja\/?post_type=product&#038;p=12627"},"modified":"2024-08-02T22:13:08","modified_gmt":"2024-08-03T01:13:08","slug":"mesa-sala-de-jantar-retangular-grande-modelo-brisata-tamanho-274-300-320-para-8-a-10-lugares-resistente-base-de-madeira-natural-com-tampo-madeira-com-branco-e-vidro-sob-encomenda","status":"publish","type":"product","link":"https:\/\/marquesestofados.com.br\/loja\/produto\/mesa-sala-de-jantar-retangular-grande-modelo-brisata-tamanho-274-300-320-para-8-a-10-lugares-resistente-base-de-madeira-natural-com-tampo-madeira-com-branco-e-vidro-sob-encomenda\/","title":{"rendered":"Mesa Sala de Jantar Retangular Grande Modelo Brisata Tamanho 274\/300\/320 para 8 a 10 Lugares Resistente Base de Madeira Natural com Tampo Madeira com Branco e Vidro &#8211; SOB ENCOMENDA"},"content":{"rendered":"<p>Mesa de Sala de Jantar, modelo sempre atemporal de madeira. A estrutura em acabamento base em madeira maci\u00e7a de Liptos Brasil, Tampo em mdf laminado e\/ou vidro pintado, garantindo beleza e durabilidade. Ideal para compor uma sala de jantar elegante e aconchegante.<\/p>\n<p>Qual a fun\u00e7\u00e3o da mesa de jantar?<\/p>\n<div>\n<div class=\"dnXCYb\" tabindex=\"0\" role=\"button\" aria-controls=\"_2o-qZPHGHIXC5OUP44CIkAU_36\" aria-expanded=\"true\" data-hveid=\"CBkQAQ\">\n<div class=\"L3Ezfd\" data-ved=\"2ahUKEwjxm52MuYGAAxUFIbkGHWMAAlIQuk56BAgZEAI\">A mesa de jantar \u00e9 um dos m\u00f3veis mais emblem\u00e1ticos da casa. Al\u00e9m de uma pe\u00e7a feita para acomodar as pessoas nos momentos de refei\u00e7\u00e3o, ela \u00e9 um elemento importante para confraterniza\u00e7\u00e3o. Basta lembrar que muitas mem\u00f3rias afetivas s\u00e3o constru\u00eddas ao redor desse m\u00f3vel que, mais do que bonito, precisa ser funcional.<\/div>\n<div data-ved=\"2ahUKEwjxm52MuYGAAxUFIbkGHWMAAlIQuk56BAgZEAI\"><\/div>\n<\/div>\n<div data-ved=\"2ahUKEwjxm52MuYGAAxUFIbkGHWMAAlIQuk56BAgZEAI\">A mesa \u00e9 o m\u00f3vel mais importante da sala de jantar:\u00a0\u00e9 nele que as pessoas v\u00e3o se reunir para provar pratos e fazer suas refei\u00e7\u00f5es di\u00e1rias<\/div>\n<div data-ved=\"2ahUKEwjxm52MuYGAAxUFIbkGHWMAAlIQuk56BAgZEAI\"><\/div>\n<\/div>\n<div data-ved=\"2ahUKEwjxm52MuYGAAxUFIbkGHWMAAlIQuk56BAgZEAI\">A mesa de jantar\u00a0carrega um simbolismo de amizade e comunh\u00e3o, que atravessou s\u00e9culos de hist\u00f3ria. E isso se deve porque, em tempos e culturas diversas, este m\u00f3vel sempre se destacou por ser um espa\u00e7o de conviv\u00eancia entre as fam\u00edlias e de recep\u00e7\u00e3o dos amigos.<\/div>\n<div data-ved=\"2ahUKEwjxm52MuYGAAxUFIbkGHWMAAlIQuk56BAgZEAI\"><\/div>\n<div data-ved=\"2ahUKEwjxm52MuYGAAxUFIbkGHWMAAlIQuk56BAgZEAI\">\n<div>\n<div class=\"dnXCYb\" tabindex=\"0\" role=\"button\" aria-controls=\"_Ai-4ZOSkG8ne5OUP4fafoAc_67\" aria-expanded=\"true\" data-hveid=\"CFsQAQ\">\n<div class=\"JlqpRe\"><span class=\"JCzEY ZwRhJd\"><span class=\"CSkcDe\">O que \u00e9 laca branca?<\/span><\/span><\/div>\n<div data-ved=\"2ahUKEwjkrbzatpuAAxVJL7kGHWH7B3QQuk56BAhbEAI\"><\/div>\n<div class=\"L3Ezfd\" data-ved=\"2ahUKEwjkrbzatpuAAxVJL7kGHWH7B3QQuk56BAhbEAI\">Tamb\u00e9m conhecida como tinta PU, a laca nada mais \u00e9 do que uma resina de origem vegetal utilizada para revestir m\u00f3veis. O laqueamento aperfei\u00e7oa o acabamento dos m\u00f3veis, escondendo riscos e algumas imperfei\u00e7\u00f5es da superf\u00edcie.<\/div>\n<\/div>\n<\/div>\n<\/div>\n","protected":false},"excerpt":{"rendered":"<p>Mesa de Sala de Jantar, modelo sempre atemporal de madeira. A estrutura em madeira laminada usinada serve de suporte ao tampo fino em MDF laminado, garantindo beleza e durabilidade. Ideal para compor uma sala de jantar elegante e aconchegante.<\/p>\n","protected":false},"featured_media":12615,"comment_status":"open","ping_status":"closed","template":"","meta":[],"product_cat":[263,229,214],"product_tag":[],"class_list":{"0":"post-12627","1":"product","2":"type-product","3":"status-publish","4":"has-post-thumbnail","6":"product_cat-mesa-de-jantar-10-lug-ou","7":"product_cat-mesa-sala-jantar","8":"product_cat-mesas-e-cadeiras","9":"product_shipping_class-fabricar-60-dias","11":"first","12":"onbackorder","13":"shipping-taxable","14":"purchasable","15":"product-type-variable","16":"col-xs-6 col-sm-4","17":"col-md-3 col-lg-3","18":"un-4-cols"},"_links":{"self":[{"href":"https:\/\/marquesestofados.com.br\/loja\/wp-json\/wp\/v2\/product\/12627","targetHints":{"allow":["GET"]}}],"collection":[{"href":"https:\/\/marquesestofados.com.br\/loja\/wp-json\/wp\/v2\/product"}],"about":[{"href":"https:\/\/marquesestofados.com.br\/loja\/wp-json\/wp\/v2\/types\/product"}],"replies":[{"embeddable":true,"href":"https:\/\/marquesestofados.com.br\/loja\/wp-json\/wp\/v2\/comments?post=12627"}],"wp:featuredmedia":[{"embeddable":true,"href":"https:\/\/marquesestofados.com.br\/loja\/wp-json\/wp\/v2\/media\/12615"}],"wp:attachment":[{"href":"https:\/\/marquesestofados.com.br\/loja\/wp-json\/wp\/v2\/media?parent=12627"}],"wp:term":[{"taxonomy":"product_cat","embeddable":true,"href":"https:\/\/marquesestofados.com.br\/loja\/wp-json\/wp\/v2\/product_cat?post=12627"},{"taxonomy":"product_tag","embeddable":true,"href":"https:\/\/marquesestofados.com.br\/loja\/wp-json\/wp\/v2\/product_tag?post=12627"}],"curies":[{"name":"wp","href":"https:\/\/api.w.org\/{rel}","templated":true}]}}